{"id":83,"date":"2024-06-28T02:51:32","date_gmt":"2024-06-28T02:51:32","guid":{"rendered":"https:\/\/adds.ro\/sincron\/?page_id=83"},"modified":"2024-10-31T13:22:42","modified_gmt":"2024-10-31T13:22:42","slug":"dialog-civic","status":"publish","type":"page","link":"https:\/\/adds.ro\/sincron\/dialog-civic\/","title":{"rendered":"Dialog Civic"},"content":{"rendered":"\n\n\n\n\n\n<p class=\"pagelayer-heading-holder\"><p>Dialogul Civic &#8211; o component\u0103&nbsp;esen\u021bial\u0103 a societ\u0103\u021bii moderne <\/p><\/p><p class=\"p-0jd440 pagelayer-heading fadeInLeft pagelayer-wow\" align=\"left\" style=\"visibility: visible; animation-name: fadeInLeft;\">\n\t\t\n\t\t\t<\/p>\n\n\n\n\n\n<p style=\"text-align: right; \"><span style=\"font-size: 20px; color: rgb(255, 255, 255);\"><strong style=\"line-height: 1;\">LOREM CORPORATE CEO<\/strong><\/span><\/p><p style=\"text-align: center;\"><span style=\"color: rgb(255, 255, 255);\">Duis aute irure dolor in reprehenderit in voluptate velit esse cillum dolore eu fugiat nulla pariatur. Excepteur sint occaecat cupidatat non proident, sunt in culpa qui officia deserunt mollit anim id est laborum.<\/span><\/p><p style=\"text-align: left;\"><sign>&nbsp; &nbsp; &nbsp; <span style=\"line-height: 2.0;\">Benn Marshall<\/span><\/sign><\/p>\n\n\n\n\nDialogul civic se refer\u0103 la comunicarea \u0219i interac\u021biunea dintre \ncet\u0103\u021beni, organiza\u021bii non-guvernamentale (ONG-uri), autorit\u0103\u021bi publice \n\u0219i alte entit\u0103\u021bi din cadrul societ\u0103\u021bii civile. Acest tip de dialog \nvizeaz\u0103 implicarea activ\u0103 a cet\u0103\u021benilor \u00een procesele decizionale, \npromovarea transparen\u021bei \u0219i responsabilit\u0103\u021bii \u00een guvernare, precum \u0219i \nconsolidarea coeziunii sociale. Prin dialog civic, diferitele p\u0103r\u021bi \ninteresate \u00ee\u0219i exprim\u0103 opiniile, preocup\u0103rile \u0219i contribuie la \nformularea politicilor publice \u0219i la rezolvarea problemelor comunit\u0103\u021bii.\n\n\n<p>Entit\u0103\u021bile implicate \u00een dialogul civic sunt diverse \u0219i sunt adaptate <br>specificului fiec\u0103rei comunit\u0103\u021bi, fiecare av\u00e2nd roluri \u0219i <br>responsabilit\u0103\u021bi distincte:<\/p>\n\n\n<p><span style=\"font-size: medium; font-family: Tahoma; color: rgb(0, 0, 0);\"><strong>Cet\u0103\u021benii. <\/strong><\/span><span style=\"font-size: medium; font-family: Tahoma; color: rgb(0, 0, 0); font-weight: normal;\">Participarea\n activ\u0103 a cet\u0103\u021benilor \u00een dialogul civic este esen\u021bial\u0103 pentru o \ndemocra\u021bie s\u0103n\u0103toas\u0103 deoarece ace\u0219tia sunt principalii beneficiari ai \nproceselor democratice \u0219i de guvernare.<\/span><\/p><p><\/p>\n\n\n<p><span style=\"font-size: medium; font-family: Tahoma; color: rgb(0, 0, 0);\"><strong>Organiza\u021biile Non-Guvernamentale (ONG-uri) <\/strong><\/span><span style=\"font-size: medium; font-family: Tahoma; color: rgb(0, 0, 0); font-weight: normal;\">joac\u0103 un rol crucial \u00een facilitarea dialogului civic, mobilizarea comunit\u0103\u021bii \u0219i promovarea intereselor grupurilor vulnerabile.<\/span><\/p><p><\/p>\n\n\n\n\n\n\n<span style=\"color:#000000;\"><p><strong>Autorit\u0103\u021bile publice \u0219i institu\u021biile guvernamentale <\/strong>au responsabilitatea de a \u00eencuraja \u0219i de a r\u0103spunde ini\u021biativelor civice, asigur\u00e2nd transparen\u021b\u0103 \u0219i responsabilitate \u00een procesul decizional. <br><\/p><\/span>\n\n\n<span style=\"color:#000000;\"><p><strong>Mediul academic <\/strong>\u0219i speciali\u0219tii contribuie cu expertiz\u0103 \u0219i cercet\u0103ri care fundamenteaz\u0103 politicile publice \u0219i ini\u021biativele civice.<\/p><\/span>\n\n\n<span style=\"color:#000000;\"><p><strong>Mass-Media. <\/strong>Jurnalismul responsabil \u0219i obiectiv joac\u0103 un rol important \u00een informarea cet\u0103\u021benilor \u0219i \u00een stimularea dialogului civic.<br><\/p><\/span>\n\n\n\n\n\nBENEFICILE DIALOGULUI CIVIC<br>\n\n\n\n\n\n<p><span style=\"color:#000000;\"><strong>Democra\u021bia participativ\u0103. <\/strong><span style=\"font-weight: normal;\">Dialogul<br> civic permite cet\u0103\u021benilor s\u0103 se implice direct \u00een procesele <br>decizionale, asigur\u00e2ndu-se c\u0103 vocile lor sunt auzite \u0219i luate \u00een <br>considerare. Acest lucru \u00eent\u0103re\u0219te democra\u021bia \u0219i promoveaz\u0103 transparen\u021ba<br> \u0219i responsabilitatea guvern\u0103rii.<\/span><\/span><\/p>\n\n\n<span style=\"color:#000000;\"><strong>Politici publice mai eficiente. <\/strong><span style=\"font-weight: normal;\">Participarea\n activ\u0103 a comunit\u0103\u021bii ajut\u0103 la identificarea problemelor reale \u0219i la \ndezvoltarea unor solu\u021bii adaptate nevoilor locale. Acest proces conduce \nla politici publice mai bine informate \u0219i mai eficiente.<\/span><\/span>\n\n\n<span style=\"color:#000000;\"><strong>Consolidarea comunit\u0103\u021bii.<\/strong><span style=\"font-weight: normal;\"> Dialogul\n civic promoveaz\u0103 coeziunea social\u0103, \u00eencuraj\u00e2nd colaborarea \u0219i \n\u00een\u021belegerea reciproc\u0103 \u00eentre diferitele grupuri sociale. Acest lucru duce\n la comunit\u0103\u021bi mai unite \u0219i mai reziliente.<\/span><\/span>\n\n\n<span style=\"color:#000000;\"><strong>Prevenirea \u0219i gestionarea conflictelor<\/strong><span style=\"font-weight: normal;\"> prin promovarea comunic\u0103rii deschise \u0219i transparente, dialogul civic \najut\u0103 la prevenirea \u0219i gestionarea conflictelor sociale \u0219i politice. \nAcesta permite identificarea timpurie a tensiunilor \u0219i abordarea lor \n\u00eentr-un mod constructiv.<\/span><\/span>\n\n\n\n\n<p>Lorem Ipsum has been the industry&#8217;s standard dummy text ever since the 1500s.<\/p>\n\n\n\n\n\nCum particip\u0103m la dialogul civic?\n\n\n\n\n\n<p style=\"text-align: right; \"><span style=\"font-size: 20px; color: rgb(255, 255, 255);\"><strong style=\"line-height: 1;\">LOREM CORPORATE CEO<\/strong><\/span><\/p><p style=\"text-align: center;\"><span style=\"color: rgb(255, 255, 255);\">Duis aute irure dolor in reprehenderit in voluptate velit esse cillum dolore eu fugiat nulla pariatur. Excepteur sint occaecat cupidatat non proident, sunt in culpa qui officia deserunt mollit anim id est laborum.<\/span><\/p><p style=\"text-align: left;\"><sign>&nbsp; &nbsp; &nbsp; <span style=\"line-height: 2.0;\">Benn Marshall<\/span><\/sign><\/p>\n\n\n\n\n<p><span style=\"font-family:Tahoma;\"><span id=\"docs-internal-guid-e0fe1e5f-7fff-4416-9134-99af4c1d239a\"><span style=\"font-size: 12pt; color: rgb(0, 0, 0); background-color: transparent; font-style: normal; font-variant: normal; text-decoration: none; vertical-align: baseline; white-space: pre-wrap;\">Ne implic\u0103m activ \u00een procesele de luare a deciziilor din comunitatea noastr\u0103<\/span><\/span><\/span><\/p>\n\n\n<p><br><\/p>\n\n\n<p><span id=\"docs-internal-guid-b7e48e69-7fff-c3de-4ac9-d213a6211251\"><span style=\"font-size: 12pt; font-family: Tahoma; color: rgb(0, 0, 0); background-color: transparent; font-style: normal; font-variant: normal; text-decoration: none; vertical-align: baseline; white-space: pre-wrap;\">Ne exprim\u0103m opiniile \u00een cadrul consult\u0103rilor publice<\/span><\/span><\/p>\n\n\n<p><br><\/p>\n\n\n<span id=\"docs-internal-guid-7570394b-7fff-11e2-2e7b-816e009a2046\"><span style=\"font-size: 12pt; font-family: Tahoma; color: rgb(0, 0, 0); background-color: transparent; font-style: normal; font-variant: normal; text-decoration: none; vertical-align: baseline; white-space: pre-wrap;\">Ne implic\u0103m \u00een dezbateri \u0219i discu\u021bii cu autorit\u0103\u021bile locale sau organiza\u021biile non-guvernamentale<\/span><\/span>\n\n\n<p><br><\/p>\n\n\n<span id=\"docs-internal-guid-6416ab8f-7fff-31c1-3987-03ca83954b33\"><span style=\"font-size: 12pt; font-family: Tahoma; color: rgb(0, 0, 0); background-color: transparent; font-style: normal; font-variant: normal; text-decoration: none; vertical-align: baseline; white-space: pre-wrap;\">Ne implic\u0103m \u00een proiecte comunitare, facem voluntariat \u0219i colabor\u0103m pentru a propune solu\u021bii la problemele locale<\/span><\/span>\n\n\n<p><br><\/p>\n\n\n<span id=\"docs-internal-guid-65b3d3a0-7fff-54bf-bd63-812defbd8c37\"><span style=\"font-size: 12pt; font-family: Tahoma; color: rgb(0, 0, 0); background-color: transparent; font-style: normal; font-variant: normal; text-decoration: none; vertical-align: baseline; white-space: pre-wrap;\">Sus\u021binem ac\u021biunile care promoveaz\u0103 drepturile omului, egalitatea de \u0219anse \u0219i protec\u021bia mediului<\/span><\/span>\n\n\n<p><br><\/p>\n\n\n<p><span id=\"docs-internal-guid-9febec03-7fff-5576-e3f7-f4fff10f08ac\"><span style=\"font-size: 12pt; font-family: Tahoma; color: rgb(0, 0, 0); background-color: transparent; font-style: normal; font-variant: normal; text-decoration: none; vertical-align: baseline; white-space: pre-wrap;\"><span style=\"font-family:Tahoma;\">Ader\u0103m la ini\u021biative cet\u0103\u021bene\u0219ti, particip\u0103m la proteste pa\u0219nice sau scriem peti\u021bii<\/span><span style=\"font-family:Tahoma;\"><\/span><\/span><\/span><br><\/p>\n\n\n\n\n\nRegistrul Na\u021bional ONG\n\n\n\n\n\n<strong><p dir=\"ltr\" style=\"line-height:1.295;margin-left: 18pt;text-align: justify;margin-top:0pt;margin-bottom:8pt;\"><span style=\"font-size:12pt;font-family:Arial,sans-serif;color:#000000;background-color:transparent;font-weight:400;font-style:normal;font-variant:normal;text-decoration:none;vertical-align:baseline;white-space:pre;white-space:pre-wrap;\">ONG-urile sunt esen\u021biale pentru dezvoltarea \u0219i consolidarea comunit\u0103\u021bilor acestea \u00eendeplinind o varietate de func\u021bii:<\/span><\/p><\/strong><strong><p dir=\"ltr\" style=\"line-height:1.295;margin-left: 18pt;text-align: justify;margin-top:0pt;margin-bottom:8pt;\"><span style=\"font-size:12pt;font-family:Arial,sans-serif;color:#000000;background-color:transparent;font-weight:400;font-style:normal;font-variant:normal;text-decoration:none;vertical-align:baseline;white-space:pre;white-space:pre-wrap;\"><strong>Advocacy \u0219i Lob<span style=\"font-family:Tahoma;\"><\/span>bying.<\/strong> ONG-urile reprezint\u0103 interesele comunit\u0103\u021bii \u0219i influen\u021beaz\u0103 politicile publice \u00een favoarea cet\u0103\u021benilor.<\/span><\/p><p dir=\"ltr\" style=\"line-height:1.295;margin-left: 18pt;text-align: justify;margin-top:0pt;margin-bottom:8pt;\"><span style=\"font-size:12pt;font-family:Arial,sans-serif;color:#000000;background-color:transparent;font-weight:400;font-style:normal;font-variant:normal;text-decoration:none;vertical-align:baseline;white-space:pre;white-space:pre-wrap;\"><strong>Furnizare de servicii.<\/strong> De la servicii sociale, la educa\u021bie \u0219i s\u0103n\u0103tate, ONG-urile completeaz\u0103 adesea eforturile guvernamentale \u00een furnizarea de servicii esen\u021biale c\u0103tre comunit\u0103\u021blie locate \u0219i grupurile dezavantajate sau care se afl\u0103 \u00een situa\u021bii de risc.<\/span><\/p><p dir=\"ltr\" style=\"line-height:1.295;margin-left: 18pt;text-align: justify;margin-top:0pt;margin-bottom:8pt;\"><span style=\"font-size:12pt;font-family:Arial,sans-serif;color:#000000;background-color:transparent;font-weight:400;font-style:normal;font-variant:normal;text-decoration:none;vertical-align:baseline;white-space:pre;white-space:pre-wrap;\"><strong>Promovarea particip\u0103rii civice.<\/strong> ONG-urile organizeaz\u0103 campanii \u0219i ini\u021biative care \u00eencurajeaz\u0103 cet\u0103\u021benii s\u0103 se implice \u00een via\u021ba comunit\u0103\u021bii \u00een care tr\u0103iesc.<\/span><\/p><p dir=\"ltr\" style=\"line-height:1.295;margin-left: 18pt;text-align: justify;margin-top:0pt;margin-bottom:8pt;\"><span style=\"font-size:12pt;font-family:Arial,sans-serif;color:#000000;background-color:transparent;font-weight:400;font-style:normal;font-variant:normal;text-decoration:none;vertical-align:baseline;white-space:pre;white-space:pre-wrap;\"><strong>Dezvoltarea Comunitar\u0103.<\/strong> Prin proiecte \u0219i programe, ONG-urile contribuie la dezvoltarea durabil\u0103 \u0219i la cre\u0219terea calit\u0103\u021bii vie\u021bii \u00een comunit\u0103\u021bi.<\/span><\/p><\/strong>\n\n\n<span style=\"font-family:Tahoma;\"><strong><p dir=\"ltr\" style=\"line-height:1.295;margin-left: 18pt;text-align: justify;margin-top:0pt;margin-bottom:8pt;\"><span style=\"font-size: 12pt; color: rgb(0, 0, 0); background-color: transparent; font-weight: 400; font-style: normal; font-variant: normal; text-decoration: none; vertical-align: baseline; white-space: pre-wrap;\"><\/span><span style=\"color:#000000;\"><strong>Cum identifici ONG-urile din comunitatea ta?<\/strong><\/span><\/p><\/strong><\/span>\n\n\n<span style=\"font-family:Tahoma;\"><strong><p dir=\"ltr\" style=\"line-height:1.295;margin-left: 18pt;text-align: justify;margin-top:0pt;margin-bottom:8pt;\"><span style=\"color:#000000;\"><strong>Foarte simplu, consul\u021bi Registrul Na\u021bional ONG <\/strong><\/span><strong><span style=\"font-size: 12pt; color: rgb(0, 0, 0); background-color: transparent; font-weight: 400; font-style: normal; font-variant: normal; text-decoration: none; vertical-align: baseline; white-space: pre-wrap;\">care este o baz\u0103 de date oficial\u0103 \u00een care sunt \u00eenregistrate toate organiza\u021biile non-guvernamentale din \u021bar\u0103, inclusiv asocia\u021biile, funda\u021biile \u0219i federa\u021biile. <\/span><\/strong><strong><\/strong><strong><span style=\"font-size: 12pt; color: rgb(0, 0, 0); background-color: transparent; font-weight: 400; font-style: normal; font-variant: normal; text-decoration: none; vertical-align: baseline; white-space: pre-wrap;\"><br><\/span><\/strong><\/p><\/strong><\/span>\n\n\n<span style=\"font-family:Tahoma;\"><strong><p dir=\"ltr\" style=\"line-height:1.295;margin-left: 18pt;text-align: justify;margin-top:0pt;margin-bottom:8pt;\"><strong><span style=\"font-size: 12pt; color: rgb(0, 0, 0); background-color: transparent; font-weight: 400; font-style: normal; font-variant: normal; text-decoration: none; vertical-align: baseline; white-space: pre-wrap;\">Acest registru este gestionat de Ministerul Justi\u021biei \u0219i ofer\u0103 popula\u021biei informa\u021bii despre fiecare ONG \u00eenregistrat astfel c\u0103, \u00een acest fel, po\u021bi afla cu u\u0219urin\u021b\u0103 date precum: numele organiza\u021biei, sediul, domeniul\/ scopul activit\u0103\u021bilor etc.<\/span><\/strong><\/p><\/strong><\/span>\n\n\n\n\n<p>Lorem Ipsum has been the industry&#8217;s standard dummy text ever since the 1500s.<\/p>\n\n\n\n\n\n\n<p><strong><strong><span style=\"font-weight: normal; color: rgb(0, 0, 0);\">Registrul Na\u021bional <br>ONG are rolul de a asigura transparen\u021ba \u0219i de a oferi o eviden\u021b\u0103 clar\u0103 <br>asup<span style=\"color:#000000;\"><\/span>ra organiza\u021biilor active din Rom\u00e2nia. De asemenea, el este esen\u021bial <br>pentru monitorizarea activit\u0103\u021bii acestora \u0219i pentru accesul publicului <br>la informa\u021bii referitoare la func\u021bionarea ONG-urilor din comunit\u0103\u021bile lor.<\/span><\/strong><\/strong><\/p>\n\n\n\n\n\n<b style=\"font-weight:normal;\" id=\"docs-internal-guid-7bf7a6cc-7fff-800e-e86c-87883c977a66\"><span style=\"font-size:11pt;font-family:Calibri,sans-serif;color:#000000;background-color:transparent;font-weight:400;font-style:normal;font-variant:normal;text-decoration:none;vertical-align:baseline;white-space:pre;white-space:pre-wrap;\">AC\u021aIUNI DE DIALOG CIVIC PENTRU PIA\u021aA MUNCII<br><\/span><\/b>\n\n\n\n\n\n<p style=\"text-align: right; \"><span style=\"font-size: 20px; color: rgb(255, 255, 255);\"><strong style=\"line-height: 1;\">LOREM CORPORATE CEO<\/strong><\/span><\/p><p style=\"text-align: center;\"><span style=\"color: rgb(255, 255, 255);\">Duis aute irure dolor in reprehenderit in voluptate velit esse cillum dolore eu fugiat nulla pariatur. Excepteur sint occaecat cupidatat non proident, sunt in culpa qui officia deserunt mollit anim id est laborum.<\/span><\/p><p style=\"text-align: left;\"><sign>&nbsp; &nbsp; &nbsp; <span style=\"line-height: 2.0;\">Benn Marshall<\/span><\/sign><\/p>\n\n\n\n\n<b style=\"font-weight:normal;\" id=\"docs-internal-guid-03536d8b-7fff-28ed-34b5-b6636d80c784\"><p dir=\"ltr\" style=\"line-height:1.295;text-align: justify;margin-top:12pt;margin-bottom:12pt;\"><span style=\"font-size:12pt;font-family:Arial,sans-serif;color:#000000;background-color:transparent;font-weight:400;font-style:normal;font-variant:normal;text-decoration:none;vertical-align:baseline;white-space:pre;white-space:pre-wrap;\">\u00cen pia\u021ba muncii, ac\u021biunile de dialog civic se reg\u0103sesc \u00een m\u0103surile luate pentru crearea unor politici care s\u0103 sprijine incluziunea \u0219i s\u0103 r\u0103spund\u0103 provoc\u0103rilor economice \u0219i sociale. Prin intermediul ac\u021biunilor specifice dialogului civic, cet\u0103\u021benii \u0219i organiza\u021biile implicate pot contribui la crearea unui mediu de lucru echitabil, accesibil \u0219i incluziv pentru to\u021bi.<\/span><\/p><\/b>\n\n\n<p><span style=\"font-size: medium; font-family: Tahoma; color: rgb(0, 0, 0);\"><strong>Consult\u0103rile publice \u0219i \u00eent\u00e2lnirile cu actorii relevan\u021bi<\/strong><\/span><span style=\"font-family:Tahoma;\"><b style=\"font-weight:normal;\" id=\"docs-internal-guid-47aa5a69-7fff-1444-c1e3-0f42d787d42b\"><span style=\"font-size: 12pt; color: rgb(0, 0, 0); background-color: transparent; font-weight: 400; font-style: normal; font-variant: normal; text-decoration: none; vertical-align: baseline; white-space: pre-wrap;\"> ofer\u0103 ocazia tuturor actorilor implica\u021bi \u2013 de la cet\u0103\u021beni \u0219i sindicate la angajatori \u0219i autorit\u0103\u021bi publice \u2013 s\u0103 \u00ee\u0219i exprime punctele de vedere, nevoile \u0219i solu\u021biile privind problemele legate de pia\u021ba muncii. De exemplu, \u00een cadrul unui proiect de dialog civic organizat de mai multe ONG-uri, au avut loc consult\u0103ri \u00eentre autorit\u0103\u021bile locale \u0219i reprezentan\u021bii grupurilor vulnerabile (persoane cu dizabilit\u0103\u021bi, minorit\u0103\u021bi etnice) pentru a discuta despre barierele cu care se confrunt\u0103 ace\u0219tia \u00een accesarea locurilor de munc\u0103. \u00cen urma acestor discu\u021bii, s-au identificat nevoi specifice, precum accesibilizarea locurilor de munc\u0103 \u0219i adaptarea programelor de formare.<\/span><\/b><\/span><b style=\"font-weight:normal;\" id=\"docs-internal-guid-47aa5a69-7fff-1444-c1e3-0f42d787d42b\"><span style=\"font-size:12pt;font-family:Arial,sans-serif;color:#000000;background-color:transparent;font-weight:400;font-style:normal;font-variant:normal;text-decoration:none;vertical-align:baseline;white-space:pre;white-space:pre-wrap;\"><\/span><\/b><\/p><p><\/p>\n\n\n<p><span style=\"font-size: medium; font-family: Tahoma; color: rgb(0, 0, 0);\"><strong>Campaniile de informare \u0219i con\u0219tientizare<\/strong><\/span><span style=\"font-family:Tahoma;\"><span style=\"font-size: medium; color: rgb(0, 0, 0);\"><strong> <\/strong><\/span><strong><span style=\"font-size: 12pt; color: rgb(0, 0, 0); background-color: transparent; font-weight: 400; font-style: normal; font-variant: normal; text-decoration: none; vertical-align: baseline; white-space: pre-wrap;\"><\/span><\/strong><\/span><b style=\"font-weight:normal;\" id=\"docs-internal-guid-69833995-7fff-ffc9-047f-901b52f07e63\"><span style=\"font-size: 12pt; font-family: Tahoma; color: rgb(0, 0, 0); background-color: transparent; font-weight: 400; font-style: normal; font-variant: normal; text-decoration: none; vertical-align: baseline; white-space: pre-wrap;\">reprezint\u0103 un alt exemplu de ac\u021biuni concrete specifice dialogului civic. Acestea sunt menite s\u0103 promoveze drepturile angaja\u021bilor \u0219i s\u0103 creeze o pia\u021b\u0103 a muncii mai incluziv\u0103. De exemplu, \u00een Marea Britanie, ONG-ul Scope a desf\u0103\u0219urat o campanie intitulat\u0103 \u201eEnd the Awkward\u201d pentru a sensibiliza publicul cu privire la angajarea persoanelor cu dizabilit\u0103\u021bi. Prin aceasta, s-a \u00eencercat reducerea stigmatiz\u0103rii \u0219i educarea angajatorilor privind adapt\u0103rile necesare pentru a integra aceste persoane \u00een mediul de lucru.<\/span><\/b><strong><span style=\"font-size:12pt;font-family:Arial,sans-serif;color:#000000;background-color:transparent;font-weight:400;font-style:normal;font-variant:normal;text-decoration:none;vertical-align:baseline;white-space:pre;white-space:pre-wrap;\"><\/span><\/strong><\/p><p><\/p>\n\n\n\n\n<p [object NamedNodeMap]><span style=\"font-size: medium; font-family: Tahoma; color: rgb(0, 0, 0);\"><strong>Programele de formare \u0219i recalificare <\/strong><\/span><b style=\"font-weight:normal;\" id=\"docs-internal-guid-a5795129-7fff-5188-7477-622e87889577\"><span style=\"font-size:12pt;font-family:Arial,sans-serif;color:#000000;background-color:transparent;font-weight:400;font-style:normal;font-variant:normal;text-decoration:none;vertical-align:baseline;white-space:pre;white-space:pre-wrap;\">sunt ini\u021biative rezultate ca urmare a colabor\u0103rii dintre ONG-uri, guvern \u0219i sectorul privat \u0219i urm\u0103resc integrarea grupurilor vulnerabile pe pia\u021ba muncii. De exemplu, \u00een Polonia, un program dedicat femeilor care nu au avut acces la educa\u021bie formal\u0103 a fost creat de un ONG local \u00een parteneriat cu guvernul, oferind cursuri de formare \u00een competen\u021be digitale \u0219i antreprenoriale. \u00cen urma programului, majoritatea femeilor participante au reu\u0219it s\u0103 \u00ee\u0219i deschid\u0103 mici afaceri sau s\u0103 se angajeze \u00een domenii precum v\u00e2nz\u0103rile online sau marketingul digital.<\/span><\/b><span style=\"font-size: medium; font-family: Tahoma; color: rgb(0, 0, 0); font-weight: normal;\">joac\u0103 un rol crucial \u00een facilitarea dialogului civic, mobilizarea comunit\u0103\u021bii \u0219i promovarea intereselor grupurilor vulnerabile.<\/span><\/p>\n\n\n<p><br><\/p>\n\n\n<p style=\"font-family: Tahoma;\"><span style=\"font-size: medium; font-family: Tahoma; color: rgb(0, 0, 0); font-weight: normal;\"><\/span><\/p><p><span style=\"font-family:Tahoma;\"><\/span><\/p><p style=\"\"><span style=\"font-family:Tahoma;\"><\/span><\/p><p style=\"\"><strong><span style=\"font-size: 12pt; color: rgb(0, 0, 0); background-color: transparent; font-weight: 400; font-style: normal; font-variant: normal; text-decoration: none; vertical-align: baseline; white-space: pre-wrap;\"><strong>Proiectele de voluntariat \u0219i parteneriatele<\/strong> <strong>public-private<\/strong> sunt alte forme de implicare \u00een dialogul civic care sprijin\u0103 dezvoltarea pie\u021bei muncii. De exemplu, \u00een Italia, un parteneriat \u00eentre autorit\u0103\u021bile locale, ONG-uri \u0219i companii private a permis implementarea unui program de stagii pentru tinerii din comunit\u0103\u021bi defavorizate. Tinerii au beneficiat de stagii pl\u0103tite \u00een diverse sectoare, precum industria ospitalier\u0103 \u0219i IT, oferindu-le \u0219ansa de a dob\u00e2ndi experien\u021b\u0103 de munc\u0103 real\u0103 \u0219i de a se integra pe pia\u021ba muncii.<\/span><\/strong><\/p>\n\n\n<p><br><\/p>\n\n\n<p><span style=\"font-family:Tahoma;\"><\/span><\/p><p style=\"\"><strong><span style=\"font-size: 12pt; color: rgb(0, 0, 0); background-color: transparent; font-weight: 400; font-style: normal; font-variant: normal; text-decoration: none; vertical-align: baseline; white-space: pre-wrap;\"><strong>Promovarea <\/strong><\/span><\/strong><strong><span style=\"font-size:12pt;font-family:Arial,sans-serif;color:#000000;background-color:transparent;font-weight:400;font-style:normal;font-variant:normal;text-decoration:none;vertical-align:baseline;white-space:pre;white-space:pre-wrap;\"><strong>schimb\u0103rilor legislative<\/strong> care sprijin\u0103 accesul echitabil la pia\u021ba muncii.<\/span><\/strong><span style=\"font-family:Tahoma;\"><strong><span style=\"font-size: 12pt; color: rgb(0, 0, 0); background-color: transparent; font-weight: 400; font-style: normal; font-variant: normal; text-decoration: none; vertical-align: baseline; white-space: pre-wrap;\"> Un exemplu concret \u00eel reprezint\u0103 demersurile pentru modificarea legisla\u021biei muncii \u00een Fran\u021ba, \u00een vederea implement\u0103rii unor m\u0103suri favorabile pentru persoanele cu dizabilit\u0103\u021bi. \u00cen urma consult\u0103rilor \u0219i a presiunii exercitate de grupuri de advocacy, guvernul a adoptat o serie de legi care oblig\u0103 angajatorii s\u0103 creeze locuri de munc\u0103 accesibile \u0219i s\u0103 ofere facilit\u0103\u021bi suplimentare pentru integrarea persoanelor cu dizabilit\u0103\u021bi.<\/span><\/strong><\/span><strong><span style=\"font-size:12pt;font-family:Arial,sans-serif;color:#000000;background-color:transparent;font-weight:400;font-style:normal;font-variant:normal;text-decoration:none;vertical-align:baseline;white-space:pre;white-space:pre-wrap;\"><\/span><\/strong><\/p>\n\n\n\n<b style=\"font-weight:normal;\" id=\"docs-internal-guid-7bf7a6cc-7fff-800e-e86c-87883c977a66\"><span style=\"font-size:11pt;font-family:Calibri,sans-serif;color:#000000;background-color:transparent;font-weight:400;font-style:normal;font-variant:normal;text-decoration:none;vertical-align:baseline;white-space:pre;white-space:pre-wrap;\">ONG-urile \u0219i sprijinirea grupurilor vulnerabile<\/span><\/b>\n\n\n\n\n\n<strong><p dir=\"ltr\" style=\"line-height:1.295;margin-left: 18pt;text-align: justify;margin-top:0pt;margin-bottom:8pt;\"><span style=\"font-size:12pt;font-family:Arial,sans-serif;color:#000000;background-color:transparent;font-weight:400;font-style:normal;font-variant:normal;text-decoration:none;vertical-align:baseline;white-space:pre;white-space:pre-wrap;\">ONG-urile ofer\u0103 asisten\u021b\u0103 \u0219i resurse necesare pentru a \u00eembun\u0103t\u0103\u021bi calitatea vie\u021bii \u0219i a facilita integrarea \u00een societate a persoanelor care apar\u021bin grupurilor vulnerabile precum: persoane cu dizabilit\u0103\u021bi, minorit\u0103\u021bi etnice, persoane cu nivel redus de educatie, v\u00e2rstnici, persoane care de\u021bin abilit\u0103\u021bi ce nu mai sunt cerute pe pia\u021ba muncii, persoane cu boli cornice \u0219i capacitate redus\u0103 de munc\u0103 \u0219i altele.&nbsp;<\/span><\/p><p dir=\"ltr\" style=\"line-height:1.295;margin-left: 18pt;text-align: justify;margin-top:0pt;margin-bottom:8pt;\"><span style=\"font-size:12pt;font-family:Arial,sans-serif;color:#000000;background-color:transparent;font-weight:400;font-style:normal;font-variant:normal;text-decoration:none;vertical-align:baseline;white-space:pre;white-space:pre-wrap;\">Pentru a facilita integrarea acestor categorii de persoane pe pia\u021ba muncii sunt implementate multiple m\u0103suri active cu rol important \u00een dep\u0103\u0219irea barierelor cu care se confrunt\u0103 aceste persoane. Dintre principalele m\u0103suri active de inser\u021bie pe pia\u021ba muncii amintim:<\/span><\/p><p dir=\"ltr\" style=\"line-height:1.295;margin-left: 18pt;text-align: justify;margin-top:0pt;margin-bottom:8pt;\"><span style=\"font-size:12pt;font-family:Arial,sans-serif;color:#000000;background-color:transparent;font-weight:400;font-style:normal;font-variant:normal;text-decoration:none;vertical-align:baseline;white-space:pre;white-space:pre-wrap;\"><strong>Formarea \u0219i educa\u021biea profesional\u0103<\/strong> prin cursuri de formare profesional\u0103 \u0219i programe de ucenicie \u0219i internship.<\/span><\/p><p dir=\"ltr\" style=\"line-height:1.295;margin-left: 18pt;text-align: justify;margin-top:0pt;margin-bottom:8pt;\"><span style=\"font-size:12pt;font-family:Arial,sans-serif;color:#000000;background-color:transparent;font-weight:400;font-style:normal;font-variant:normal;text-decoration:none;vertical-align:baseline;white-space:pre;white-space:pre-wrap;\"><strong>Serviciile de consiliere \u0219i orientare profesional\u0103<\/strong> prin dezvoltarea de ac\u021biuni comunitare care sprijin\u0103 consilierea pentru carier\u0103 \u0219i prin organizarea de Workshop-uri de dezvoltare a abilit\u0103\u021bilor.<\/span><\/p><p dir=\"ltr\" style=\"line-height:1.295;margin-left: 18pt;text-align: justify;margin-top:0pt;margin-bottom:8pt;\"><span style=\"font-size:12pt;font-family:Arial,sans-serif;color:#000000;background-color:transparent;font-weight:400;font-style:normal;font-variant:normal;text-decoration:none;vertical-align:baseline;white-space:pre;white-space:pre-wrap;\"><strong>Parteneriate cu sectorul privat \u0219i public.<\/strong> Colabor\u0103rile cu companii \u0219i parteneriatele dezvoltate cu autorit\u0103\u021bile locale sunt modalit\u0103\u021bi prin care ONG-urile implementeaz\u0103 politici \u0219i programe de integrare pe pia\u021ba muncii.<\/span><\/p><p dir=\"ltr\" style=\"line-height:1.295;margin-left: 18pt;text-align: justify;margin-top:0pt;margin-bottom:8pt;\"><span style=\"font-size:12pt;font-family:Arial,sans-serif;color:#000000;background-color:transparent;font-weight:400;font-style:normal;font-variant:normal;text-decoration:none;vertical-align:baseline;white-space:pre;white-space:pre-wrap;\"><strong>Sprijin financiar<\/strong> prin facilitarea accesului cet\u0103\u021benilor la subven\u021bii \u0219i microcredite fie pentru autoocupare prin dechiderea propriilor afaceri fie pentru continuarea parcursului educa\u021bional.<\/span><\/p><\/strong>\n\n\n\n\n<p>Lorem Ipsum has been the industry&#8217;s standard dummy text ever since the 1500s.<\/p>\n\n\n\n\n\n","protected":false},"excerpt":{"rendered":"","protected":false},"author":1,"featured_media":0,"parent":0,"menu_order":0,"comment_status":"closed","ping_status":"closed","template":"","meta":{"pagelayer_contact_templates":[],"_pagelayer_content":"","footnotes":""},"class_list":["post-83","page","type-page","status-publish","hentry"],"_links":{"self":[{"href":"https:\/\/adds.ro\/sincron\/wp-json\/wp\/v2\/pages\/83","targetHints":{"allow":["GET"]}}],"collection":[{"href":"https:\/\/adds.ro\/sincron\/wp-json\/wp\/v2\/pages"}],"about":[{"href":"https:\/\/adds.ro\/sincron\/wp-json\/wp\/v2\/types\/page"}],"author":[{"embeddable":true,"href":"https:\/\/adds.ro\/sincron\/wp-json\/wp\/v2\/users\/1"}],"replies":[{"embeddable":true,"href":"https:\/\/adds.ro\/sincron\/wp-json\/wp\/v2\/comments?post=83"}],"version-history":[{"count":46,"href":"https:\/\/adds.ro\/sincron\/wp-json\/wp\/v2\/pages\/83\/revisions"}],"predecessor-version":[{"id":420,"href":"https:\/\/adds.ro\/sincron\/wp-json\/wp\/v2\/pages\/83\/revisions\/420"}],"wp:attachment":[{"href":"https:\/\/adds.ro\/sincron\/wp-json\/wp\/v2\/media?parent=83"}],"curies":[{"name":"wp","href":"https:\/\/api.w.org\/{rel}","templated":true}]}}